{"id":16,"date":"2019-02-26T23:20:02","date_gmt":"2019-02-26T21:20:02","guid":{"rendered":"http:\/\/www.kyifratsastus.com\/wordpress\/?page_id=16"},"modified":"2025-12-26T17:21:22","modified_gmt":"2025-12-26T15:21:22","slug":"presentation-esittely","status":"publish","type":"page","link":"https:\/\/www.kyifratsastus.com\/wordpress\/presentation-esittely\/","title":{"rendered":"Esittely"},"content":{"rendered":"\n<p>KyIF Ratsastus -seura toimii p\u00e4\u00e4osin <a href=\"https:\/\/www.ratsutilawikner.com\/\" target=\"_blank\" rel=\"noreferrer noopener\">Ratsutila Wiknerin<\/a> yhteydess\u00e4. Seura toimii ratsastajien sosiaalisena yhteis\u00f6n\u00e4 ja tukee monipuolisesti ratsastusharrastusta. \u00a0Tavoitteena on luoda ratsastuksesta hevosen ja ratsastajan hyvinvointia edist\u00e4v\u00e4 yhteinen prosessi.<\/p>\n\n\n\n<hr class=\"wp-block-separator has-alpha-channel-opacity\"\/>\n\n\n\n<p>KyIF Ratsastus ry j\u00e4rjest\u00e4\u00e4:<\/p>\n\n\n\n<ul class=\"wp-block-list\">\n<li>monipuolisia valmennuksia ja demotilaisuuksia,<\/li>\n\n\n\n<li>aktiivista ja opettavaista toimintaa seuran pienimmille, mm. knatte- ja ryhmiskisatapahtumat,<\/li>\n\n\n\n<li>kohtaamismahdollisuuksia senioriharrastajille,<\/li>\n\n\n\n<li>tapahtumia aikuistuville junioreille U25\/30,<\/li>\n\n\n\n<li>hevosharrastusta tukevia luentoja, retki\u00e4 ja klinikoita.<\/li>\n<\/ul>\n\n\n\n<p>Seuran j\u00e4senet (noin 250) osallistuvat aktiivisesti sek\u00e4 lasten ett\u00e4 vanhempien harrastajien tapahtumaj\u00e4rjestelyihin. Seuran sivuilla julkaistaan tietoa <a href=\"https:\/\/www.kyifratsastus.com\/wordpress\/\" target=\"_blank\" rel=\"noreferrer noopener\">kauden kilpailuista ja muista tapahtumista<\/a>. Tapahtumia koskevat tiedot ovat n\u00e4ht\u00e4vill\u00e4 my\u00f6s alatallin infotaululla.<\/p>\n\n\n\n<p>Aktiivinen osallistuminen seuran toimintaan luo moni\u00e4\u00e4nisen ja mielenkiintoisen yhteis\u00f6n, kivaa seuraa sek\u00e4 mielenkiintoista ja opettavaista ohjelmaa. Kaikkia meit\u00e4 yhdist\u00e4\u00e4 rakkaus hevosiin ja halu harrastaa yhdess\u00e4. Kun kuulut KyIF Ratsastus -seuraan, kuulut samalla my\u00f6s <a href=\"https:\/\/www.ratsastus.fi\/\" target=\"_blank\" rel=\"noreferrer noopener\">Suomen Ratsastajainliittoon<\/a> (SRL) ja voit saada Hippos-lehden. J\u00e4senyys antaa sinulle my\u00f6s ratsastuksessa tarvittavan vakuutusturvan.<\/p>\n\n\n\n<p>Jos et ole viel\u00e4 KyIF ratsastus -seuran j\u00e4sen \u2013 liity nyt \u2013 j\u00e4senyytesi on arvokasta ja osallistumisesi sit\u00e4kin t\u00e4rke\u00e4mp\u00e4\u00e4. Seuran j\u00e4senyydest\u00e4 tietoa l\u00f6ytyy <a href=\"https:\/\/www.kyifratsastus.com\/wordpress\/jasenet\/\" target=\"_blank\" rel=\"noreferrer noopener\">t\u00e4\u00e4lt\u00e4 <\/a>ja j\u00e4sensihteeri Ann-Sofie Lindberg auttaa j\u00e4senyyteen liittyviss\u00e4 kysymyksiss\u00e4.<\/p>\n\n\n\n<p>KyIF ratsastus -seurana kokoonnumme s\u00e4\u00e4nn\u00f6llisesti, suunnittelemme ja toteutamme tapahtumia. J\u00e4senen\u00e4 olet osa t\u00e4t\u00e4 yhteis\u00f6\u00e4 ja saat \u00e4\u00e4nesi kuuluviin. Seuran toiminnasta vastaa hallitus, mutta tapahtumien ja ohjelmien ideoinnista, k\u00e4yt\u00e4nn\u00f6n toteutuksesta ja aktiivisuudesta vastaamme me kaikki yhdess\u00e4.<\/p>\n\n\n\n<p>Tule mukaan!<\/p>\n\n\n\n<p>Merja Salmi, puheenjohtaja<\/p>\n","protected":false},"excerpt":{"rendered":"<p>KyIF Ratsastus -seura toimii p\u00e4\u00e4osin Ratsutila Wiknerin yhteydess\u00e4. Seura toimii ratsastajien sosiaalisena yhteis\u00f6n\u00e4 ja tukee monipuolisesti ratsastusharrastusta. \u00a0Tavoitteena on luoda ratsastuksesta hevosen ja ratsastajan hyvinvointia edist\u00e4v\u00e4 yhteinen prosessi. KyIF Ratsastus &hellip; <\/p>\n<p class=\"link-more\"><a href=\"https:\/\/www.kyifratsastus.com\/wordpress\/presentation-esittely\/\" class=\"more-link\">Jatka lukemista<span class=\"screen-reader-text\"> &#8221;Esittely&#8221;<\/span><\/a><\/p>\n","protected":false},"author":1,"featured_media":0,"parent":0,"menu_order":0,"comment_status":"closed","ping_status":"closed","template":"","meta":{"_EventAllDay":false,"_EventTimezone":"","_EventStartDate":"","_EventEndDate":"","_EventStartDateUTC":"","_EventEndDateUTC":"","_EventShowMap":false,"_EventShowMapLink":false,"_EventURL":"","_EventCost":"","_EventCostDescription":"","_EventCurrencySymbol":"","_EventCurrencyCode":"","_EventCurrencyPosition":"","_EventDateTimeSeparator":"","_EventTimeRangeSeparator":"","_EventOrganizerID":[],"_EventVenueID":[],"_OrganizerEmail":"","_OrganizerPhone":"","_OrganizerWebsite":"","_VenueAddress":"","_VenueCity":"","_VenueCountry":"","_VenueProvince":"","_VenueState":"","_VenueZip":"","_VenuePhone":"","_VenueURL":"","_VenueStateProvince":"","_VenueLat":"","_VenueLng":"","_VenueShowMap":false,"_VenueShowMapLink":false,"footnotes":""},"class_list":["post-16","page","type-page","status-publish","hentry"],"_links":{"self":[{"href":"https:\/\/www.kyifratsastus.com\/wordpress\/wp-json\/wp\/v2\/pages\/16","targetHints":{"allow":["GET"]}}],"collection":[{"href":"https:\/\/www.kyifratsastus.com\/wordpress\/wp-json\/wp\/v2\/pages"}],"about":[{"href":"https:\/\/www.kyifratsastus.com\/wordpress\/wp-json\/wp\/v2\/types\/page"}],"author":[{"embeddable":true,"href":"https:\/\/www.kyifratsastus.com\/wordpress\/wp-json\/wp\/v2\/users\/1"}],"replies":[{"embeddable":true,"href":"https:\/\/www.kyifratsastus.com\/wordpress\/wp-json\/wp\/v2\/comments?post=16"}],"version-history":[{"count":10,"href":"https:\/\/www.kyifratsastus.com\/wordpress\/wp-json\/wp\/v2\/pages\/16\/revisions"}],"predecessor-version":[{"id":2202,"href":"https:\/\/www.kyifratsastus.com\/wordpress\/wp-json\/wp\/v2\/pages\/16\/revisions\/2202"}],"wp:attachment":[{"href":"https:\/\/www.kyifratsastus.com\/wordpress\/wp-json\/wp\/v2\/media?parent=16"}],"curies":[{"name":"wp","href":"https:\/\/api.w.org\/{rel}","templated":true}]}}