{"id":1277,"date":"2022-08-26T07:58:37","date_gmt":"2022-08-26T04:58:37","guid":{"rendered":"https:\/\/www.kyifratsastus.com\/wordpress\/?post_type=tribe_events&#038;p=1277"},"modified":"2022-09-28T16:47:41","modified_gmt":"2022-09-28T13:47:41","slug":"kyif-ratsastusjaoksen-kokous-5","status":"publish","type":"tribe_events","link":"https:\/\/www.kyifratsastus.com\/wordpress\/event\/kyif-ratsastusjaoksen-kokous-5\/","title":{"rendered":"KyIF Ratsastusjaoksen kokous"},"content":{"rendered":"<div  class=\"tribe-events-schedule tribe-clearfix\" >\n\t<p class=\"tribe-events-schedule__datetime\">\n\t\t<span class=\"tribe-events-schedule__date tribe-events-schedule__date--start\">\n\t\t\t13.10.2022\t\t<\/span>\n\n\t\t\t\t\t<span class=\"tribe-events-schedule__separator tribe-events-schedule__separator--date\">\n\t\t\t\t klo \t\t\t<\/span>\n\t\t\t<span class=\"tribe-events-schedule__time tribe-events-schedule__time--start\">\n\t\t\t\t18:00\t\t\t<\/span>\n\t\t\n\t\t\t\t\t\t\t\t\t<span class=\"tribe-events-schedule__separator tribe-events-schedule__separator--time\">\n\t\t\t\t\t &#8211; \t\t\t\t<\/span>\n\t\t\t\n\t\t\t\t\t\t\t<span class=\"tribe-events-schedule__time tribe-events-schedule__time--end\">\n\t\t\t\t\t20:00\t\t\t\t<\/span>\n\t\t\t\n\t\t\t\t\t\t<\/p>\n<\/div>\n\n\n\n<p>KyIF Ratsastusjaoksen kokous on siirretty 29.9. -> <strong>13.10.2022 klo 18<\/strong>. Kokous pidet\u00e4\u00e4n Ratsutila Wiknerin saluunassa. Kokouksen j\u00e4lkeen jatkamme Teamsin v\u00e4lityksell\u00e4 Ratsastajainliiton Iltatee-tapahtumalla, jonka teemana on H\u00e4t\u00e4ensiapu ratsastuksessa. <\/p>\n\n\n\n<p>Tervetuloa!<\/p>\n\n\n\n<figure class=\"wp-block-image size-full\"><a href=\"https:\/\/www.kyifratsastus.com\/wordpress\/wp-content\/uploads\/2022\/09\/Iltatee.png\"><img loading=\"lazy\" decoding=\"async\" width=\"405\" height=\"362\" src=\"https:\/\/www.kyifratsastus.com\/wordpress\/wp-content\/uploads\/2022\/09\/Iltatee.png\" alt=\"\" class=\"wp-image-1323\" srcset=\"https:\/\/www.kyifratsastus.com\/wordpress\/wp-content\/uploads\/2022\/09\/Iltatee.png 405w, https:\/\/www.kyifratsastus.com\/wordpress\/wp-content\/uploads\/2022\/09\/Iltatee-300x268.png 300w\" sizes=\"auto, (max-width: 405px) 100vw, 405px\" \/><\/a><\/figure>\n\n\n<div  class=\"tribe-block tribe-block__event-price\" >\n\t\t<\/div>\n\n\n\n\n<div  class=\"tribe-block tribe-block__venue tribe-clearfix tribe-block__venue--has-map\" >\n\t\n\t\t\n\t<\/div>\n\n\n\n\n\t<div  class=\"tribe-block tribe-block__events-link\" >\n\t\t<div class=\"tribe-events tribe-common\">\n\t\t\t<div class=\"tribe-events-c-subscribe-dropdown__container\">\n\t\t\t\t<div class=\"tribe-events-c-subscribe-dropdown\">\n\t\t\t\t\t<div class=\"tribe-common-c-btn-border tribe-events-c-subscribe-dropdown__button\">\n\t\t\t\t\t\t<svg\n\t class=\"tribe-common-c-svgicon tribe-common-c-svgicon--cal-export tribe-events-c-subscribe-dropdown__export-icon\" \taria-hidden=\"true\"\n\tviewBox=\"0 0 23 17\"\n\txmlns=\"http:\/\/www.w3.org\/2000\/svg\"\n>\n\t<path fill-rule=\"evenodd\" clip-rule=\"evenodd\" d=\"M.128.896V16.13c0 .211.145.383.323.383h15.354c.179 0 .323-.172.323-.383V.896c0-.212-.144-.383-.323-.383H.451C.273.513.128.684.128.896Zm16 6.742h-.901V4.679H1.009v10.729h14.218v-3.336h.901V7.638ZM1.01 1.614h14.218v2.058H1.009V1.614Z\" \/>\n\t<path d=\"M20.5 9.846H8.312M18.524 6.953l2.89 2.909-2.855 2.855\" stroke-width=\"1.2\" stroke-linecap=\"round\" stroke-linejoin=\"round\"\/>\n<\/svg>\n\t\t\t\t\t\t<button\n\t\t\t\t\t\t\tclass=\"tribe-events-c-subscribe-dropdown__button-text\"\n\t\t\t\t\t\t\taria-expanded=\"false\"\n\t\t\t\t\t\t\taria-controls=\"tribe-events-subscribe-dropdown-content\"\n\t\t\t\t\t\t\taria-label=\"View links to add events to your calendar\"\n\t\t\t\t\t\t>\n\t\t\t\t\t\t\tLis\u00e4\u00e4 kalenteriin\t\t\t\t\t\t<\/button>\n\t\t\t\t\t\t<svg\n\t class=\"tribe-common-c-svgicon tribe-common-c-svgicon--caret-down tribe-events-c-subscribe-dropdown__button-icon\" \taria-hidden=\"true\"\n\tviewBox=\"0 0 10 7\"\n\txmlns=\"http:\/\/www.w3.org\/2000\/svg\"\n>\n\t<path fill-rule=\"evenodd\" clip-rule=\"evenodd\" d=\"M1.008.609L5 4.6 8.992.61l.958.958L5 6.517.05 1.566l.958-.958z\" class=\"tribe-common-c-svgicon__svg-fill\"\/>\n<\/svg>\n\t\t\t\t\t<\/div>\n\t\t\t\t\t<div id=\"tribe-events-subscribe-dropdown-content\" class=\"tribe-events-c-subscribe-dropdown__content\">\n\t\t\t\t\t\t<ul class=\"tribe-events-c-subscribe-dropdown__list\">\n\t\t\t\t\t\t\t\t\t\t\t\t\t\t\t<li class=\"tribe-events-c-subscribe-dropdown__list-item tribe-events-c-subscribe-dropdown__list-item--gcal\">\n\t\t\t\t\t\t\t\t\t<a\n\t\t\t\t\t\t\t\t\t\thref=\"https:\/\/www.google.com\/calendar\/event?action=TEMPLATE&#038;dates=20221013T180000\/20221013T200000&#038;text=KyIF%20Ratsastusjaoksen%20kokous&#038;details=%3Cp%3EKyIF+Ratsastusjaoksen+kokous+on+siirretty+29.9.+-%3E+%3Cstrong%3E13.10.2022+klo+18%3C%2Fstrong%3E.+Kokous+pidet%C3%A4%C3%A4n+Ratsutila+Wiknerin+saluunassa.+Kokouksen+j%C3%A4lkeen+jatkamme+Teamsin+v%C3%A4lityksell%C3%A4+Ratsastajainliiton+Iltatee-tapahtumalla%2C+jonka+teemana+on+H%C3%A4t%C3%A4ensiapu+ratsastuksessa.+%3C%2Fp%3E+%3Cp%3ETervetuloa%21%3C%2Fp%3E+%3Cfigure+class%3D%22wp-block-image+size-full%22%3E%3Ca+href%3D%22http%3A%2F%2Fwww.kyifratsastus.com%2Fwordpress%2Fwp-content%2Fuploads%2F2022%2F09%2FIltatee.png%22%3E%3Cimg+src%3D%22http%3A%2F%2Fwww.kyifratsastus.com%2Fwordpress%2Fwp-content%2Fuploads%2F2022%2F09%2FIltatee.png%22+alt%3D%22%22+class%3D%22wp-image-1323%22%2F%3E%3C%2Fa%3E%3C%2Ffigure%3E&#038;trp=false&#038;ctz=Europe\/Helsinki&#038;sprop=website:https:\/\/www.kyifratsastus.com\/wordpress\"\n\t\t\t\t\t\t\t\t\t\tclass=\"tribe-events-c-subscribe-dropdown__list-item-link\"\n\t\t\t\t\t\t\t\t\t\ttarget=\"_blank\"\n\t\t\t\t\t\t\t\t\t\trel=\"noopener noreferrer nofollow noindex\"\n\t\t\t\t\t\t\t\t\t>\n\t\t\t\t\t\t\t\t\t\tGoogle-kalenteri\t\t\t\t\t\t\t\t\t<\/a>\n\t\t\t\t\t\t\t\t<\/li>\n\t\t\t\t\t\t\t\t\t\t\t\t\t\t\t<li class=\"tribe-events-c-subscribe-dropdown__list-item tribe-events-c-subscribe-dropdown__list-item--ical\">\n\t\t\t\t\t\t\t\t\t<a\n\t\t\t\t\t\t\t\t\t\thref=\"\"\n\t\t\t\t\t\t\t\t\t\tclass=\"tribe-events-c-subscribe-dropdown__list-item-link\"\n\t\t\t\t\t\t\t\t\t\ttarget=\"_blank\"\n\t\t\t\t\t\t\t\t\t\trel=\"noopener noreferrer nofollow noindex\"\n\t\t\t\t\t\t\t\t\t>\n\t\t\t\t\t\t\t\t\t\tiCalendar\t\t\t\t\t\t\t\t\t<\/a>\n\t\t\t\t\t\t\t\t<\/li>\n\t\t\t\t\t\t\t\t\t\t\t\t\t\t\t<li class=\"tribe-events-c-subscribe-dropdown__list-item tribe-events-c-subscribe-dropdown__list-item--outlook-365\">\n\t\t\t\t\t\t\t\t\t<a\n\t\t\t\t\t\t\t\t\t\thref=\"\"\n\t\t\t\t\t\t\t\t\t\tclass=\"tribe-events-c-subscribe-dropdown__list-item-link\"\n\t\t\t\t\t\t\t\t\t\ttarget=\"_blank\"\n\t\t\t\t\t\t\t\t\t\trel=\"noopener noreferrer nofollow noindex\"\n\t\t\t\t\t\t\t\t\t>\n\t\t\t\t\t\t\t\t\t\tOutlook 365\t\t\t\t\t\t\t\t\t<\/a>\n\t\t\t\t\t\t\t\t<\/li>\n\t\t\t\t\t\t\t\t\t\t\t\t\t\t\t<li class=\"tribe-events-c-subscribe-dropdown__list-item tribe-events-c-subscribe-dropdown__list-item--outlook-live\">\n\t\t\t\t\t\t\t\t\t<a\n\t\t\t\t\t\t\t\t\t\thref=\"\"\n\t\t\t\t\t\t\t\t\t\tclass=\"tribe-events-c-subscribe-dropdown__list-item-link\"\n\t\t\t\t\t\t\t\t\t\ttarget=\"_blank\"\n\t\t\t\t\t\t\t\t\t\trel=\"noopener noreferrer nofollow noindex\"\n\t\t\t\t\t\t\t\t\t>\n\t\t\t\t\t\t\t\t\t\tOutlook Live\t\t\t\t\t\t\t\t\t<\/a>\n\t\t\t\t\t\t\t\t<\/li>\n\t\t\t\t\t\t\t\t\t\t\t\t\t<\/ul>\n\t\t\t\t\t<\/div>\n\t\t\t\t<\/div>\n\t\t\t<\/div>\n\t\t<\/div>\n\t<\/div>\n\n","protected":false},"excerpt":{"rendered":"<p>KyIF Ratsastusjaoksen kokous on siirretty 29.9. -> 13.10.2022 klo 18. Kokous pidet\u00e4\u00e4n Ratsutila Wiknerin saluunassa. Kokouksen j\u00e4lkeen jatkamme Teamsin v\u00e4lityksell\u00e4 Ratsastajainliiton Iltatee-tapahtumalla, jonka teemana on H\u00e4t\u00e4ensiapu ratsastuksessa. Tervetuloa!<\/p>\n","protected":false},"author":1,"featured_media":0,"template":"","meta":{"_EventAllDay":false,"_EventTimezone":"Europe\/Helsinki","_EventStartDate":"2022-10-13 18:00:00","_EventEndDate":"2022-10-13 20:00:00","_EventStartDateUTC":"2022-10-13 15:00:00","_EventEndDateUTC":"2022-10-13 17:00:00","_EventShowMap":true,"_EventShowMapLink":true,"_EventURL":"","_EventCost":"","_EventCostDescription":"","_EventCurrencySymbol":"\u20ac","_EventCurrencyCode":"USD","_EventCurrencyPosition":"suffix","_EventDateTimeSeparator":" klo ","_EventTimeRangeSeparator":" - ","_EventOrganizerID":[],"_EventVenueID":[0],"_OrganizerEmail":"","_OrganizerPhone":"","_OrganizerWebsite":"","_VenueAddress":"","_VenueCity":"","_VenueCountry":"","_VenueProvince":"","_VenueState":"","_VenueZip":"","_VenuePhone":"","_VenueURL":"","_VenueStateProvince":"","_VenueLat":"","_VenueLng":"","_VenueShowMap":false,"_VenueShowMapLink":false,"_tribe_events_status":"","_tribe_events_status_reason":"","footnotes":""},"tags":[],"tribe_events_cat":[],"class_list":["post-1277","tribe_events","type-tribe_events","status-publish","hentry"],"_links":{"self":[{"href":"https:\/\/www.kyifratsastus.com\/wordpress\/wp-json\/wp\/v2\/tribe_events\/1277","targetHints":{"allow":["GET"]}}],"collection":[{"href":"https:\/\/www.kyifratsastus.com\/wordpress\/wp-json\/wp\/v2\/tribe_events"}],"about":[{"href":"https:\/\/www.kyifratsastus.com\/wordpress\/wp-json\/wp\/v2\/types\/tribe_events"}],"author":[{"embeddable":true,"href":"https:\/\/www.kyifratsastus.com\/wordpress\/wp-json\/wp\/v2\/users\/1"}],"version-history":[{"count":3,"href":"https:\/\/www.kyifratsastus.com\/wordpress\/wp-json\/wp\/v2\/tribe_events\/1277\/revisions"}],"predecessor-version":[{"id":1327,"href":"https:\/\/www.kyifratsastus.com\/wordpress\/wp-json\/wp\/v2\/tribe_events\/1277\/revisions\/1327"}],"wp:attachment":[{"href":"https:\/\/www.kyifratsastus.com\/wordpress\/wp-json\/wp\/v2\/media?parent=1277"}],"wp:term":[{"taxonomy":"post_tag","embeddable":true,"href":"https:\/\/www.kyifratsastus.com\/wordpress\/wp-json\/wp\/v2\/tags?post=1277"},{"taxonomy":"tribe_events_cat","embeddable":true,"href":"https:\/\/www.kyifratsastus.com\/wordpress\/wp-json\/wp\/v2\/tribe_events_cat?post=1277"}],"curies":[{"name":"wp","href":"https:\/\/api.w.org\/{rel}","templated":true}]}}